{"id":1116931,"date":"2011-09-11T08:50:00","date_gmt":"2011-09-11T07:50:00","guid":{"rendered":"https:\/\/myfood.eu\/portfolio-item\/lest-republicain\/"},"modified":"2025-04-14T10:11:06","modified_gmt":"2025-04-14T09:11:06","slug":"lest-republicain","status":"publish","type":"portfolio","link":"https:\/\/myfood.eu\/de\/portfolio-item\/lest-republicain\/","title":{"rendered":"L&#8217;EST R\u00e9publicain"},"content":{"rendered":"\n<p>Myfood in Molsheim (67) entwirft vernetzte Gew\u00e4chsh\u00e4user, um sich anders zu ern\u00e4hren. Das im Elsass ans\u00e4ssige Unternehmen Myfood entwirft vernetzte Gew\u00e4chsh\u00e4user, die Permakultur, Aquaponik und vertikalen Anbau kombinieren. Mit dem Versprechen, den Hauptbedarf einer Familie auf einfache und gesunde Weise zu decken. <\/p>\n","protected":false},"excerpt":{"rendered":"<p>https:\/\/www.estrepublicain.fr\/environnement\/2020\/09\/09\/une-alimentation<\/p>\n","protected":false},"author":1,"featured_media":1116874,"menu_order":0,"comment_status":"open","ping_status":"closed","template":"","meta":[],"portfolio-types":[289],"class_list":["post-1116931","portfolio","type-portfolio","status-publish","has-post-thumbnail","hentry","portfolio-types-presse-de"],"yoast_head":"<!-- This site is optimized with the Yoast SEO plugin v24.7 - https:\/\/yoast.com\/wordpress\/plugins\/seo\/ -->\n<title>L&#039;EST R\u00e9publicain - myfood - Serre innovante et Permaculture<\/title>\n<meta name=\"robots\" content=\"index, follow, max-snippet:-1, max-image-preview:large, max-video-preview:-1\" \/>\n<link rel=\"canonical\" href=\"https:\/\/myfood.eu\/de\/portfolio-item\/lest-republicain\/\" \/>\n<meta property=\"og:locale\" content=\"de_DE\" \/>\n<meta property=\"og:type\" content=\"article\" \/>\n<meta property=\"og:title\" content=\"L&#039;EST R\u00e9publicain - myfood - Serre innovante et Permaculture\" \/>\n<meta property=\"og:description\" content=\"https:\/\/www.estrepublicain.fr\/environnement\/2020\/09\/09\/une-alimentation\" \/>\n<meta property=\"og:url\" content=\"https:\/\/myfood.eu\/de\/portfolio-item\/lest-republicain\/\" \/>\n<meta property=\"og:site_name\" content=\"myfood - Serre innovante et Permaculture\" \/>\n<meta property=\"article:modified_time\" content=\"2025-04-14T09:11:06+00:00\" \/>\n<meta property=\"og:image\" content=\"https:\/\/myfood.eu\/wp-content\/uploads\/2025\/04\/LEST-republicain-1-150x150-1.png\" \/>\n\t<meta property=\"og:image:width\" content=\"150\" \/>\n\t<meta property=\"og:image:height\" content=\"150\" \/>\n\t<meta property=\"og:image:type\" content=\"image\/png\" \/>\n<meta name=\"twitter:card\" content=\"summary_large_image\" \/>\n<script type=\"application\/ld+json\" class=\"yoast-schema-graph\">{\"@context\":\"https:\/\/schema.org\",\"@graph\":[{\"@type\":\"WebPage\",\"@id\":\"https:\/\/myfood.eu\/de\/portfolio-item\/lest-republicain\/\",\"url\":\"https:\/\/myfood.eu\/de\/portfolio-item\/lest-republicain\/\",\"name\":\"L'EST R\u00e9publicain - myfood - Serre innovante et Permaculture\",\"isPartOf\":{\"@id\":\"https:\/\/myfood.eu\/de\/#website\"},\"primaryImageOfPage\":{\"@id\":\"https:\/\/myfood.eu\/de\/portfolio-item\/lest-republicain\/#primaryimage\"},\"image\":{\"@id\":\"https:\/\/myfood.eu\/de\/portfolio-item\/lest-republicain\/#primaryimage\"},\"thumbnailUrl\":\"\/wp-content\/uploads\/2025\/04\/LEST-republicain-1-150x150-1.png\",\"datePublished\":\"2011-09-11T07:50:00+00:00\",\"dateModified\":\"2025-04-14T09:11:06+00:00\",\"breadcrumb\":{\"@id\":\"https:\/\/myfood.eu\/de\/portfolio-item\/lest-republicain\/#breadcrumb\"},\"inLanguage\":\"de\",\"potentialAction\":[{\"@type\":\"ReadAction\",\"target\":[\"https:\/\/myfood.eu\/de\/portfolio-item\/lest-republicain\/\"]}]},{\"@type\":\"ImageObject\",\"inLanguage\":\"de\",\"@id\":\"https:\/\/myfood.eu\/de\/portfolio-item\/lest-republicain\/#primaryimage\",\"url\":\"\/wp-content\/uploads\/2025\/04\/LEST-republicain-1-150x150-1.png\",\"contentUrl\":\"\/wp-content\/uploads\/2025\/04\/LEST-republicain-1-150x150-1.png\",\"width\":150,\"height\":150},{\"@type\":\"BreadcrumbList\",\"@id\":\"https:\/\/myfood.eu\/de\/portfolio-item\/lest-republicain\/#breadcrumb\",\"itemListElement\":[{\"@type\":\"ListItem\",\"position\":1,\"name\":\"Home\",\"item\":\"https:\/\/myfood.eu\/de\/\"},{\"@type\":\"ListItem\",\"position\":2,\"name\":\"L&#8217;EST R\u00e9publicain\"}]},{\"@type\":\"WebSite\",\"@id\":\"https:\/\/myfood.eu\/de\/#website\",\"url\":\"https:\/\/myfood.eu\/de\/\",\"name\":\"myfood - Serre innovante et Permaculture\",\"description\":\"Se reconnecter \u00e0 son alimentation\",\"potentialAction\":[{\"@type\":\"SearchAction\",\"target\":{\"@type\":\"EntryPoint\",\"urlTemplate\":\"https:\/\/myfood.eu\/de\/?s={search_term_string}\"},\"query-input\":{\"@type\":\"PropertyValueSpecification\",\"valueRequired\":true,\"valueName\":\"search_term_string\"}}],\"inLanguage\":\"de\"}]}<\/script>\n<!-- \/ Yoast SEO plugin. -->","yoast_head_json":{"title":"L'EST R\u00e9publicain - myfood - Serre innovante et Permaculture","robots":{"index":"index","follow":"follow","max-snippet":"max-snippet:-1","max-image-preview":"max-image-preview:large","max-video-preview":"max-video-preview:-1"},"canonical":"https:\/\/myfood.eu\/de\/portfolio-item\/lest-republicain\/","og_locale":"de_DE","og_type":"article","og_title":"L'EST R\u00e9publicain - myfood - Serre innovante et Permaculture","og_description":"https:\/\/www.estrepublicain.fr\/environnement\/2020\/09\/09\/une-alimentation","og_url":"https:\/\/myfood.eu\/de\/portfolio-item\/lest-republicain\/","og_site_name":"myfood - Serre innovante et Permaculture","article_modified_time":"2025-04-14T09:11:06+00:00","og_image":[{"width":150,"height":150,"url":"https:\/\/myfood.eu\/wp-content\/uploads\/2025\/04\/LEST-republicain-1-150x150-1.png","type":"image\/png"}],"twitter_card":"summary_large_image","schema":{"@context":"https:\/\/schema.org","@graph":[{"@type":"WebPage","@id":"https:\/\/myfood.eu\/de\/portfolio-item\/lest-republicain\/","url":"https:\/\/myfood.eu\/de\/portfolio-item\/lest-republicain\/","name":"L'EST R\u00e9publicain - myfood - Serre innovante et Permaculture","isPartOf":{"@id":"https:\/\/myfood.eu\/de\/#website"},"primaryImageOfPage":{"@id":"https:\/\/myfood.eu\/de\/portfolio-item\/lest-republicain\/#primaryimage"},"image":{"@id":"https:\/\/myfood.eu\/de\/portfolio-item\/lest-republicain\/#primaryimage"},"thumbnailUrl":"\/wp-content\/uploads\/2025\/04\/LEST-republicain-1-150x150-1.png","datePublished":"2011-09-11T07:50:00+00:00","dateModified":"2025-04-14T09:11:06+00:00","breadcrumb":{"@id":"https:\/\/myfood.eu\/de\/portfolio-item\/lest-republicain\/#breadcrumb"},"inLanguage":"de","potentialAction":[{"@type":"ReadAction","target":["https:\/\/myfood.eu\/de\/portfolio-item\/lest-republicain\/"]}]},{"@type":"ImageObject","inLanguage":"de","@id":"https:\/\/myfood.eu\/de\/portfolio-item\/lest-republicain\/#primaryimage","url":"\/wp-content\/uploads\/2025\/04\/LEST-republicain-1-150x150-1.png","contentUrl":"\/wp-content\/uploads\/2025\/04\/LEST-republicain-1-150x150-1.png","width":150,"height":150},{"@type":"BreadcrumbList","@id":"https:\/\/myfood.eu\/de\/portfolio-item\/lest-republicain\/#breadcrumb","itemListElement":[{"@type":"ListItem","position":1,"name":"Home","item":"https:\/\/myfood.eu\/de\/"},{"@type":"ListItem","position":2,"name":"L&#8217;EST R\u00e9publicain"}]},{"@type":"WebSite","@id":"https:\/\/myfood.eu\/de\/#website","url":"https:\/\/myfood.eu\/de\/","name":"myfood - Serre innovante et Permaculture","description":"Se reconnecter \u00e0 son alimentation","potentialAction":[{"@type":"SearchAction","target":{"@type":"EntryPoint","urlTemplate":"https:\/\/myfood.eu\/de\/?s={search_term_string}"},"query-input":{"@type":"PropertyValueSpecification","valueRequired":true,"valueName":"search_term_string"}}],"inLanguage":"de"}]}},"_links":{"self":[{"href":"https:\/\/myfood.eu\/de\/wp-json\/wp\/v2\/portfolio\/1116931","targetHints":{"allow":["GET"]}}],"collection":[{"href":"https:\/\/myfood.eu\/de\/wp-json\/wp\/v2\/portfolio"}],"about":[{"href":"https:\/\/myfood.eu\/de\/wp-json\/wp\/v2\/types\/portfolio"}],"author":[{"embeddable":true,"href":"https:\/\/myfood.eu\/de\/wp-json\/wp\/v2\/users\/1"}],"replies":[{"embeddable":true,"href":"https:\/\/myfood.eu\/de\/wp-json\/wp\/v2\/comments?post=1116931"}],"wp:featuredmedia":[{"embeddable":true,"href":"https:\/\/myfood.eu\/de\/wp-json\/wp\/v2\/media\/1116874"}],"wp:attachment":[{"href":"https:\/\/myfood.eu\/de\/wp-json\/wp\/v2\/media?parent=1116931"}],"wp:term":[{"taxonomy":"portfolio-types","embeddable":true,"href":"https:\/\/myfood.eu\/de\/wp-json\/wp\/v2\/portfolio-types?post=1116931"}],"curies":[{"name":"wp","href":"https:\/\/api.w.org\/{rel}","templated":true}]}}