{"id":1116871,"date":"2011-09-11T08:50:00","date_gmt":"2011-09-11T07:50:00","guid":{"rendered":"https:\/\/myfood.eu\/?post_type=portfolio&#038;p=1116871"},"modified":"2025-04-14T08:51:17","modified_gmt":"2025-04-14T07:51:17","slug":"lest-republicain","status":"publish","type":"portfolio","link":"https:\/\/myfood.eu\/fr\/portfolio-item\/lest-republicain\/","title":{"rendered":"L\u2019EST R\u00e9publicain"},"content":{"rendered":"\n<p>\u00c0 Molsheim (67), Myfood con\u00e7oit des serres connect\u00e9es pour s&#8217;alimenter autrement Bas\u00e9e en Alsace, Myfood con\u00e7oit des serres connect\u00e9es qui combinent permaculture, aquaponie et culture \u00e0 la verticale. Avec la promesse de couvrir l\u2019essentiel des besoins d\u2019une famille, facilement et sainement.<\/p>\n","protected":false},"excerpt":{"rendered":"<p>https:\/\/www.estrepublicain.fr\/environnement\/2020\/09\/09\/une-alimentation<\/p>\n","protected":false},"author":1,"featured_media":1116872,"menu_order":0,"comment_status":"open","ping_status":"closed","template":"","meta":[],"portfolio-types":[288],"class_list":["post-1116871","portfolio","type-portfolio","status-publish","has-post-thumbnail","hentry","portfolio-types-presse"],"yoast_head":"<!-- This site is optimized with the Yoast SEO plugin v24.7 - https:\/\/yoast.com\/wordpress\/plugins\/seo\/ -->\n<title>L\u2019EST R\u00e9publicain - myfood - Serre innovante et Permaculture<\/title>\n<meta name=\"robots\" content=\"index, follow, max-snippet:-1, max-image-preview:large, max-video-preview:-1\" \/>\n<link rel=\"canonical\" href=\"https:\/\/myfood.eu\/fr\/portfolio-item\/lest-republicain\/\" \/>\n<meta property=\"og:locale\" content=\"fr_FR\" \/>\n<meta property=\"og:type\" content=\"article\" \/>\n<meta property=\"og:title\" content=\"L\u2019EST R\u00e9publicain - myfood - Serre innovante et Permaculture\" \/>\n<meta property=\"og:description\" content=\"https:\/\/www.estrepublicain.fr\/environnement\/2020\/09\/09\/une-alimentation\" \/>\n<meta property=\"og:url\" content=\"https:\/\/myfood.eu\/fr\/portfolio-item\/lest-republicain\/\" \/>\n<meta property=\"og:site_name\" content=\"myfood - Serre innovante et Permaculture\" \/>\n<meta property=\"article:modified_time\" content=\"2025-04-14T07:51:17+00:00\" \/>\n<meta property=\"og:image\" content=\"https:\/\/myfood.eu\/wp-content\/uploads\/2025\/04\/LEST-republicain-1-150x150-1.png\" \/>\n\t<meta property=\"og:image:width\" content=\"150\" \/>\n\t<meta property=\"og:image:height\" content=\"150\" \/>\n\t<meta property=\"og:image:type\" content=\"image\/png\" \/>\n<meta name=\"twitter:card\" content=\"summary_large_image\" \/>\n<meta name=\"twitter:label1\" content=\"Dur\u00e9e de lecture estim\u00e9e\" \/>\n\t<meta name=\"twitter:data1\" content=\"1 minute\" \/>\n<script type=\"application\/ld+json\" class=\"yoast-schema-graph\">{\"@context\":\"https:\/\/schema.org\",\"@graph\":[{\"@type\":\"WebPage\",\"@id\":\"https:\/\/myfood.eu\/fr\/portfolio-item\/lest-republicain\/\",\"url\":\"https:\/\/myfood.eu\/fr\/portfolio-item\/lest-republicain\/\",\"name\":\"L\u2019EST R\u00e9publicain - myfood - Serre innovante et Permaculture\",\"isPartOf\":{\"@id\":\"https:\/\/myfood.eu\/fr\/#website\"},\"primaryImageOfPage\":{\"@id\":\"https:\/\/myfood.eu\/fr\/portfolio-item\/lest-republicain\/#primaryimage\"},\"image\":{\"@id\":\"https:\/\/myfood.eu\/fr\/portfolio-item\/lest-republicain\/#primaryimage\"},\"thumbnailUrl\":\"\/wp-content\/uploads\/2025\/04\/LEST-republicain-1-150x150-1.png\",\"datePublished\":\"2011-09-11T07:50:00+00:00\",\"dateModified\":\"2025-04-14T07:51:17+00:00\",\"breadcrumb\":{\"@id\":\"https:\/\/myfood.eu\/fr\/portfolio-item\/lest-republicain\/#breadcrumb\"},\"inLanguage\":\"fr-FR\",\"potentialAction\":[{\"@type\":\"ReadAction\",\"target\":[\"https:\/\/myfood.eu\/fr\/portfolio-item\/lest-republicain\/\"]}]},{\"@type\":\"ImageObject\",\"inLanguage\":\"fr-FR\",\"@id\":\"https:\/\/myfood.eu\/fr\/portfolio-item\/lest-republicain\/#primaryimage\",\"url\":\"\/wp-content\/uploads\/2025\/04\/LEST-republicain-1-150x150-1.png\",\"contentUrl\":\"\/wp-content\/uploads\/2025\/04\/LEST-republicain-1-150x150-1.png\",\"width\":150,\"height\":150},{\"@type\":\"BreadcrumbList\",\"@id\":\"https:\/\/myfood.eu\/fr\/portfolio-item\/lest-republicain\/#breadcrumb\",\"itemListElement\":[{\"@type\":\"ListItem\",\"position\":1,\"name\":\"Home\",\"item\":\"https:\/\/myfood.eu\/fr\/\"},{\"@type\":\"ListItem\",\"position\":2,\"name\":\"L\u2019EST R\u00e9publicain\"}]},{\"@type\":\"WebSite\",\"@id\":\"https:\/\/myfood.eu\/fr\/#website\",\"url\":\"https:\/\/myfood.eu\/fr\/\",\"name\":\"myfood - Serre innovante et Permaculture\",\"description\":\"Se reconnecter \u00e0 son alimentation\",\"potentialAction\":[{\"@type\":\"SearchAction\",\"target\":{\"@type\":\"EntryPoint\",\"urlTemplate\":\"https:\/\/myfood.eu\/fr\/?s={search_term_string}\"},\"query-input\":{\"@type\":\"PropertyValueSpecification\",\"valueRequired\":true,\"valueName\":\"search_term_string\"}}],\"inLanguage\":\"fr-FR\"}]}<\/script>\n<!-- \/ Yoast SEO plugin. -->","yoast_head_json":{"title":"L\u2019EST R\u00e9publicain - myfood - Serre innovante et Permaculture","robots":{"index":"index","follow":"follow","max-snippet":"max-snippet:-1","max-image-preview":"max-image-preview:large","max-video-preview":"max-video-preview:-1"},"canonical":"https:\/\/myfood.eu\/fr\/portfolio-item\/lest-republicain\/","og_locale":"fr_FR","og_type":"article","og_title":"L\u2019EST R\u00e9publicain - myfood - Serre innovante et Permaculture","og_description":"https:\/\/www.estrepublicain.fr\/environnement\/2020\/09\/09\/une-alimentation","og_url":"https:\/\/myfood.eu\/fr\/portfolio-item\/lest-republicain\/","og_site_name":"myfood - Serre innovante et Permaculture","article_modified_time":"2025-04-14T07:51:17+00:00","og_image":[{"width":150,"height":150,"url":"https:\/\/myfood.eu\/wp-content\/uploads\/2025\/04\/LEST-republicain-1-150x150-1.png","type":"image\/png"}],"twitter_card":"summary_large_image","twitter_misc":{"Dur\u00e9e de lecture estim\u00e9e":"1 minute"},"schema":{"@context":"https:\/\/schema.org","@graph":[{"@type":"WebPage","@id":"https:\/\/myfood.eu\/fr\/portfolio-item\/lest-republicain\/","url":"https:\/\/myfood.eu\/fr\/portfolio-item\/lest-republicain\/","name":"L\u2019EST R\u00e9publicain - myfood - Serre innovante et Permaculture","isPartOf":{"@id":"https:\/\/myfood.eu\/fr\/#website"},"primaryImageOfPage":{"@id":"https:\/\/myfood.eu\/fr\/portfolio-item\/lest-republicain\/#primaryimage"},"image":{"@id":"https:\/\/myfood.eu\/fr\/portfolio-item\/lest-republicain\/#primaryimage"},"thumbnailUrl":"\/wp-content\/uploads\/2025\/04\/LEST-republicain-1-150x150-1.png","datePublished":"2011-09-11T07:50:00+00:00","dateModified":"2025-04-14T07:51:17+00:00","breadcrumb":{"@id":"https:\/\/myfood.eu\/fr\/portfolio-item\/lest-republicain\/#breadcrumb"},"inLanguage":"fr-FR","potentialAction":[{"@type":"ReadAction","target":["https:\/\/myfood.eu\/fr\/portfolio-item\/lest-republicain\/"]}]},{"@type":"ImageObject","inLanguage":"fr-FR","@id":"https:\/\/myfood.eu\/fr\/portfolio-item\/lest-republicain\/#primaryimage","url":"\/wp-content\/uploads\/2025\/04\/LEST-republicain-1-150x150-1.png","contentUrl":"\/wp-content\/uploads\/2025\/04\/LEST-republicain-1-150x150-1.png","width":150,"height":150},{"@type":"BreadcrumbList","@id":"https:\/\/myfood.eu\/fr\/portfolio-item\/lest-republicain\/#breadcrumb","itemListElement":[{"@type":"ListItem","position":1,"name":"Home","item":"https:\/\/myfood.eu\/fr\/"},{"@type":"ListItem","position":2,"name":"L\u2019EST R\u00e9publicain"}]},{"@type":"WebSite","@id":"https:\/\/myfood.eu\/fr\/#website","url":"https:\/\/myfood.eu\/fr\/","name":"myfood - Serre innovante et Permaculture","description":"Se reconnecter \u00e0 son alimentation","potentialAction":[{"@type":"SearchAction","target":{"@type":"EntryPoint","urlTemplate":"https:\/\/myfood.eu\/fr\/?s={search_term_string}"},"query-input":{"@type":"PropertyValueSpecification","valueRequired":true,"valueName":"search_term_string"}}],"inLanguage":"fr-FR"}]}},"_links":{"self":[{"href":"https:\/\/myfood.eu\/fr\/wp-json\/wp\/v2\/portfolio\/1116871","targetHints":{"allow":["GET"]}}],"collection":[{"href":"https:\/\/myfood.eu\/fr\/wp-json\/wp\/v2\/portfolio"}],"about":[{"href":"https:\/\/myfood.eu\/fr\/wp-json\/wp\/v2\/types\/portfolio"}],"author":[{"embeddable":true,"href":"https:\/\/myfood.eu\/fr\/wp-json\/wp\/v2\/users\/1"}],"replies":[{"embeddable":true,"href":"https:\/\/myfood.eu\/fr\/wp-json\/wp\/v2\/comments?post=1116871"}],"wp:featuredmedia":[{"embeddable":true,"href":"https:\/\/myfood.eu\/fr\/wp-json\/wp\/v2\/media\/1116872"}],"wp:attachment":[{"href":"https:\/\/myfood.eu\/fr\/wp-json\/wp\/v2\/media?parent=1116871"}],"wp:term":[{"taxonomy":"portfolio-types","embeddable":true,"href":"https:\/\/myfood.eu\/fr\/wp-json\/wp\/v2\/portfolio-types?post=1116871"}],"curies":[{"name":"wp","href":"https:\/\/api.w.org\/{rel}","templated":true}]}}